{"id":19,"date":"2017-09-18T02:16:03","date_gmt":"2017-09-18T05:16:03","guid":{"rendered":"\/portal\/?page_id=19"},"modified":"2020-06-08T01:31:41","modified_gmt":"2020-06-08T04:31:41","slug":"sobre","status":"publish","type":"page","link":"\/portal\/?page_id=19","title":{"rendered":"Sobre o Vanderson"},"content":{"rendered":"<p>Ol\u00e1, sou o Vanderson, e vou contar um pouco da minha hist\u00f3ria em uma breve linha do tempo:<\/p>\n\n<div class=\"et-post-outer-wrapper-488075240 et-main-blog-wrapper et-left-timeline et-one-side-template-1\" data-id=\"et_6104909\">\n    <div class=\"et-layout-one_side-section\">\n                <div class=\"et-clearfix et-blog-cover\">\r\n                <div class=\"et-timeline-line\"><\/div>\n\n    <div class=\"et-timeline-item\">\n        <div class=\"et-timeline-date\">\n            2020\/06\/17 8:00:28 AM        <\/div>\n        <div class=\"et-all-contain-here\">\n            <div class=\"et-title\">\n                <a href=\"\/portal\/?p=178\">\n                    Infraestrutura ConnectMix<\/a><\/div>\n            <div class=\"et-image\">        <img decoding=\"async\" src=\"\/portal\/wp-content\/plugins\/everest-timeline-lite\/images\/no-image-available.png\" alt=\"No image available\">\n        <\/div>\n            <div class=\"et-inner-content\">\n                                <div class=\"et-content\"><p>Em 17\/06\/2020 eu deixo o setor de suporte emissoras e passo para o CPD &#8211; Infraestrutura de redes e dados da ConnectMix, pra gerenciar a infraestrutura de redes geral<\/p>\n<\/div>\n                                <div class=\"et-content-outer-wrap et-meta-wrap\">\n                                                        <\/div>\n            <\/div>\n        <\/div>\n    <\/div>\n        <div class=\"et-timeline-line\"><\/div>\n\n    <div class=\"et-timeline-item\">\n        <div class=\"et-timeline-date\">\n            2019\/11\/12 8:00:16 AM        <\/div>\n        <div class=\"et-all-contain-here\">\n            <div class=\"et-title\">\n                <a href=\"\/portal\/?p=137\">\n                    Efetiva\u00e7\u00e3o ConnectMix<\/a><\/div>\n            <div class=\"et-image\">        <img decoding=\"async\" src=\"\/portal\/wp-content\/plugins\/everest-timeline-lite\/images\/no-image-available.png\" alt=\"No image available\">\n        <\/div>\n            <div class=\"et-inner-content\">\n                                <div class=\"et-content\"><p>Em 12\/11\/2019 fui efetivado e sigo at\u00e9 o momento na ConnectMix<\/p>\n<\/div>\n                                <div class=\"et-content-outer-wrap et-meta-wrap\">\n                                                        <\/div>\n            <\/div>\n        <\/div>\n    <\/div>\n        <div class=\"et-timeline-line\"><\/div>\n\n    <div class=\"et-timeline-item\">\n        <div class=\"et-timeline-date\">\n            2018\/12\/17 8:00:46 AM        <\/div>\n        <div class=\"et-all-contain-here\">\n            <div class=\"et-title\">\n                <a href=\"\/portal\/?p=134\">\n                    Est\u00e1gio ConnectMix<\/a><\/div>\n            <div class=\"et-image\">        <img decoding=\"async\" src=\"\/portal\/wp-content\/plugins\/everest-timeline-lite\/images\/no-image-available.png\" alt=\"No image available\">\n        <\/div>\n            <div class=\"et-inner-content\">\n                                <div class=\"et-content\"><p>No finalzinho do segundo tempo hehe entrei como estagi\u00e1rio em 17\/12\/2018 a 16\/12\/2019 no Suporte emissoras<\/p>\n<\/div>\n                                <div class=\"et-content-outer-wrap et-meta-wrap\">\n                                                        <\/div>\n            <\/div>\n        <\/div>\n    <\/div>\n        <div class=\"et-timeline-line\"><\/div>\n\n    <div class=\"et-timeline-item\">\n        <div class=\"et-timeline-date\">\n            2018\/06\/08 8:00:43 AM        <\/div>\n        <div class=\"et-all-contain-here\">\n            <div class=\"et-title\">\n                <a href=\"\/portal\/?p=131\">\n                    Est\u00e1gio Paradigma e SCG\u00e1s<\/a><\/div>\n            <div class=\"et-image\">        <a href=\"\/portal\/?p=131\" target=\"_blank\"><img loading=\"lazy\" decoding=\"async\" width=\"1024\" height=\"768\" src=\"\/portal\/wp-content\/uploads\/2018\/06\/scgas-1024x768.jpg\" class=\"attachment-full size-full wp-post-image\" alt=\"\" \/><\/a>\n\n        <\/div>\n            <div class=\"et-inner-content\">\n                                <div class=\"et-content\"><p>Em Maio entrei na Paradigma, acabei saindo em agosto e entrei na SCG\u00e1s que fiquei at\u00e9 final de outubro, na SCG\u00e1s era tudo o que envolvia a parte de infraestrutura de redes e suporte interno, acabei n\u00e3o ficando muito tempo, pois no final do est\u00e1gio os \u00f3rg\u00e3os do governo n\u00e3o efetivam estagi\u00e1rios, pois precisa passar por concurso p\u00fablico, ent\u00e3o fui em busca de um est\u00e1gio com possibilidade de efetiva\u00e7\u00e3o<\/p>\n<\/div>\n                                <div class=\"et-content-outer-wrap et-meta-wrap\">\n                                                        <\/div>\n            <\/div>\n        <\/div>\n    <\/div>\n        <div class=\"et-timeline-line\"><\/div>\n\n    <div class=\"et-timeline-item\">\n        <div class=\"et-timeline-date\">\n            2017\/06\/01 6:00:30 PM        <\/div>\n        <div class=\"et-all-contain-here\">\n            <div class=\"et-title\">\n                <a href=\"\/portal\/?p=129\">\n                    Abertura da GabardoHost<\/a><\/div>\n            <div class=\"et-image\">        <a href=\"\/portal\/?p=129\" target=\"_blank\"><img loading=\"lazy\" decoding=\"async\" width=\"1836\" height=\"3264\" src=\"\/portal\/wp-content\/uploads\/2018\/12\/1-1-e1545162790502.jpg\" class=\"attachment-full size-full wp-post-image\" alt=\"\" srcset=\"\/portal\/wp-content\/uploads\/2018\/12\/1-1-e1545162790502.jpg 1836w, \/portal\/wp-content\/uploads\/2018\/12\/1-1-e1545162790502-169x300.jpg 169w, \/portal\/wp-content\/uploads\/2018\/12\/1-1-e1545162790502-768x1365.jpg 768w, \/portal\/wp-content\/uploads\/2018\/12\/1-1-e1545162790502-576x1024.jpg 576w\" sizes=\"(max-width: 1836px) 100vw, 1836px\" \/><\/a>\n\n        <\/div>\n            <div class=\"et-inner-content\">\n                                <div class=\"et-content\"><p>Em 1\/7\/2017 a GABARDOHOST TRANSMISS\u00c3O \u00c1UDIO E MANUTEN\u00c7\u00c3O DE CPDs \u00e9 aberta, com as atividades:<\/p>\n<p>Principal: Outras atividades de telecomunica\u00e7\u00f5es n\u00e3o especificadas anteriormente (N\u00e3o sou provedor de internet)<\/p>\n<p>&#8211; Repara\u00e7\u00e3o e manuten\u00e7\u00e3o de equipamentos de comunica\u00e7\u00e3o<br \/>\n&#8211; Repara\u00e7\u00e3o e manuten\u00e7\u00e3o de computadores e de equipamentos perif\u00e9ricos<br \/>\n&#8211; Atividades de sonoriza\u00e7\u00e3o e de ilumina\u00e7\u00e3o<br \/>\n&#8211; Manuten\u00e7\u00e3o e repara\u00e7\u00e3o de m\u00e1quinas, aparelhos e materiais el\u00e9tricos n\u00e3o especificados anteriormente<br \/>\n&#8211; Manuten\u00e7\u00e3o e repara\u00e7\u00e3o de geradores, transformadores e motores el\u00e9tricos<\/p>\n<p>Mas.. na real mesmo era s\u00f3 pra pegar o IP fixo da operadora, consegui dois, um deles j\u00e1 n\u00e3o est\u00e1 mais ativo<\/p>\n<\/div>\n                                <div class=\"et-content-outer-wrap et-meta-wrap\">\n                                                        <\/div>\n            <\/div>\n        <\/div>\n    <\/div>\n        <div class=\"et-timeline-line\"><\/div>\n\n    <div class=\"et-timeline-item\">\n        <div class=\"et-timeline-date\">\n            2016\/04\/11 8:00:03 AM        <\/div>\n        <div class=\"et-all-contain-here\">\n            <div class=\"et-title\">\n                <a href=\"\/portal\/?p=127\">\n                    Est\u00e1gio CRF-SC<\/a><\/div>\n            <div class=\"et-image\">        <a href=\"\/portal\/?p=127\" target=\"_blank\"><img loading=\"lazy\" decoding=\"async\" width=\"300\" height=\"159\" src=\"\/portal\/wp-content\/uploads\/2016\/04\/logo-1-300x159-300x159.png\" class=\"attachment-full size-full wp-post-image\" alt=\"\" \/><\/a>\n\n        <\/div>\n            <div class=\"et-inner-content\">\n                                <div class=\"et-content\"><p>CRF\/SC \u2013 CONSELHO REGIONAL DE FARM\u00c1CIA DE SC &#8211; 11\/04\/2016 at\u00e9 10\/04\/2018<br \/>\nCargo: Estagi\u00e1rio Infraestrutura<br \/>\nAtividades:<br \/>\n&#8211; Infraestrutura de redes, cabeamento estruturado, rack e patch panel<br \/>\n\u2013 Administra\u00e7\u00e3o e manuten\u00e7\u00e3o de servidores Windows e Linux<br \/>\n\u2013 Manuten\u00e7\u00e3o de computadores e perif\u00e9ricos<br \/>\n\u2013 Outras atividades relativas a infraestrutura<\/p>\n<p>E sim, este sou eu fazendo a manuten\u00e7\u00e3o na rede:<\/p>\n<p><img loading=\"lazy\" decoding=\"async\" class=\"alignnone size-full wp-image-147\" src=\"\/portal\/wp-content\/uploads\/2016\/04\/imgcrfsc.jpg\" alt=\"\" width=\"540\" height=\"960\" \/><\/p>\n<\/div>\n                                <div class=\"et-content-outer-wrap et-meta-wrap\">\n                                                        <\/div>\n            <\/div>\n        <\/div>\n    <\/div>\n        <div class=\"et-timeline-line\"><\/div>\n\n    <div class=\"et-timeline-item\">\n        <div class=\"et-timeline-date\">\n            2015\/03\/25 8:00:01 AM        <\/div>\n        <div class=\"et-all-contain-here\">\n            <div class=\"et-title\">\n                <a href=\"\/portal\/?p=123\">\n                    Est\u00e1gio CIEE &#8211; Centro de Integra\u00e7\u00e3o Empresa-Escola de SC<\/a><\/div>\n            <div class=\"et-image\">        <a href=\"\/portal\/?p=123\" target=\"_blank\"><img loading=\"lazy\" decoding=\"async\" width=\"1600\" height=\"698\" src=\"\/portal\/wp-content\/uploads\/2015\/03\/ciee-logo.jpg\" class=\"attachment-full size-full wp-post-image\" alt=\"\" \/><\/a>\n\n        <\/div>\n            <div class=\"et-inner-content\">\n                                <div class=\"et-content\"><p>CIEE \u2013 Centro de Integra\u00e7\u00e3o Empresa-Escola de SC &#8211; 25\/03\/2015 at\u00e9 18\/11\/2015<br \/>\nCargo: Estagi\u00e1rio de Programa\u00e7\u00e3o e Infraestrutura<br \/>\nAtividades:<br \/>\n&#8211; Realizar atividades de programa\u00e7\u00e3o de site<br \/>\n\u2013 Publica\u00e7\u00e3o de atividades da institui\u00e7\u00e3o nas redes sociais<br \/>\n\u2013 Envio de e-mail marketing<br \/>\n\u2013 Suporte a manuten\u00e7\u00e3o de computadores e perif\u00e9ricos<br \/>\n\u2013 Suporte a usu\u00e1rios e seus sistemas<br \/>\n\u2013 Aux\u00edlio t\u00e9cnico para outras atividades ligadas a infraestrutura de redes e servidores<\/p>\n<\/div>\n                                <div class=\"et-content-outer-wrap et-meta-wrap\">\n                                                        <\/div>\n            <\/div>\n        <\/div>\n    <\/div>\n        <div class=\"et-timeline-line\"><\/div>\n\n    <div class=\"et-timeline-item\">\n        <div class=\"et-timeline-date\">\n            2015\/01\/01 12:00:57 PM        <\/div>\n        <div class=\"et-all-contain-here\">\n            <div class=\"et-title\">\n                <a href=\"\/portal\/?p=125\">\n                    Mudan\u00e7a na r\u00e1dio CBS de CentOS Brasil Sul para Comunica\u00e7\u00f5es Brasileira de Sistemas<\/a><\/div>\n            <div class=\"et-image\">        <a href=\"\/portal\/?p=125\" target=\"_blank\"><img loading=\"lazy\" decoding=\"async\" width=\"805\" height=\"679\" src=\"\/portal\/wp-content\/uploads\/2015\/01\/logotipo-r\u00e1dio-cbs-grande.png\" class=\"attachment-full size-full wp-post-image\" alt=\"\" \/><\/a>\n\n        <\/div>\n            <div class=\"et-inner-content\">\n                                <div class=\"et-content\"><p>A R\u00e1dio CBS \u2013 CentOS Brasil Sul passa a se chamar R\u00e1dio CBS \u2013 Comunica\u00e7\u00f5es Brasileira de Sistemas com o slogan: a R\u00e1dio dos profissionais de Tecnologia da Informa\u00e7\u00e3o! passando a ter 80% de conte\u00fado e 20% de m\u00fasicas.<\/p>\n<\/div>\n                                <div class=\"et-content-outer-wrap et-meta-wrap\">\n                                                        <\/div>\n            <\/div>\n        <\/div>\n    <\/div>\n        <div class=\"et-timeline-line\"><\/div>\n\n    <div class=\"et-timeline-item\">\n        <div class=\"et-timeline-date\">\n            2013\/07\/22 8:02:35 AM        <\/div>\n        <div class=\"et-all-contain-here\">\n            <div class=\"et-title\">\n                <a href=\"\/portal\/?p=121\">\n                    Est\u00e1gio no Figueirense Futebol Clube<\/a><\/div>\n            <div class=\"et-image\">        <a href=\"\/portal\/?p=121\" target=\"_blank\"><img loading=\"lazy\" decoding=\"async\" width=\"225\" height=\"225\" src=\"\/portal\/wp-content\/uploads\/2013\/07\/download.png\" class=\"attachment-full size-full wp-post-image\" alt=\"\" \/><\/a>\n\n        <\/div>\n            <div class=\"et-inner-content\">\n                                <div class=\"et-content\"><p>Infraestrutura de redes, meu segundo est\u00e1gio, sendo o primeiro via faculdade:<br \/>\nCargo: Estagi\u00e1rio Infraestrutura<br \/>\nAtividades:<br \/>\n&#8211; Manuten\u00e7\u00e3o e formata\u00e7\u00e3o de computadores, instala\u00e7\u00e3o de softwares e corre\u00e7\u00e3o de falhas<br \/>\n&#8211; Manuten\u00e7\u00e3o de rede Wi-Fi: Recupera\u00e7\u00e3o de servi\u00e7o fazendo ajustes e interven\u00e7\u00f5es em roteadores e modem<\/p>\n<\/div>\n                                <div class=\"et-content-outer-wrap et-meta-wrap\">\n                                                        <\/div>\n            <\/div>\n        <\/div>\n    <\/div>\n        <div class=\"et-timeline-line\"><\/div>\n\n    <div class=\"et-timeline-item\">\n        <div class=\"et-timeline-date\">\n            2013\/02\/01 12:00:40 AM        <\/div>\n        <div class=\"et-all-contain-here\">\n            <div class=\"et-title\">\n                <a href=\"\/portal\/?p=167\">\n                    LakingFaces &#8211; Instrutor de Redes de Computadores<\/a><\/div>\n            <div class=\"et-image\">        <a href=\"\/portal\/?p=167\" target=\"_blank\"><img loading=\"lazy\" decoding=\"async\" width=\"480\" height=\"720\" src=\"\/portal\/wp-content\/uploads\/2020\/06\/gde.jpg\" class=\"attachment-full size-full wp-post-image\" alt=\"\" \/><\/a>\n\n        <\/div>\n            <div class=\"et-inner-content\">\n                                <div class=\"et-content\"><p>Em 2013, dei instru\u00e7\u00f5es de redes para uma ramifica\u00e7\u00e3o da Anonymous no Brasil, a LackingFaces, e dentro da LackingFaces, a LackingClass, no f\u00f3rum, l\u00e1 eu era instrutor de redes, e em v\u00eddeo tutorial fazia as aulas e divulgava l\u00e1 no f\u00f3rum at\u00e9 metade do ano, quando o grupo se desfez. em 2020 o grupo voltou junto com a Anonymous, mas n\u00e3o sei se o grupo vai continuar com o projeto das aulas colaborativas.<\/p>\n<\/div>\n                                <div class=\"et-content-outer-wrap et-meta-wrap\">\n                                                        <\/div>\n            <\/div>\n        <\/div>\n    <\/div>\n        <div class=\"et-timeline-line\"><\/div>\n\n    <div class=\"et-timeline-item\">\n        <div class=\"et-timeline-date\">\n            2012\/06\/01 12:00:08 PM        <\/div>\n        <div class=\"et-all-contain-here\">\n            <div class=\"et-title\">\n                <a href=\"\/portal\/?p=119\">\n                    R\u00e1dio Rebelde passa a se chamar R\u00e1dio CBS &#8211; CentOS Brasil Sul e reformula a programa\u00e7\u00e3o<\/a><\/div>\n            <div class=\"et-image\">        <a href=\"\/portal\/?p=119\" target=\"_blank\"><img loading=\"lazy\" decoding=\"async\" width=\"1201\" height=\"700\" src=\"\/portal\/wp-content\/uploads\/2012\/06\/imagem3.png\" class=\"attachment-full size-full wp-post-image\" alt=\"\" \/><\/a>\n\n        <\/div>\n            <div class=\"et-inner-content\">\n                                <div class=\"et-content\"><p>A R\u00e1dio Rebelde passa a se chamar R\u00e1dio CBS \u2013 CentOS Brasil Sul em homenagem a distro Linux CentOS com uma programa\u00e7\u00e3o 90% de m\u00fasicas e 10 % de palestras e conte\u00fado voltado a profissionais de TI, pois n\u00e3o fazia sentido manter uma r\u00e1dio com conte\u00fado adolescente sendo que n\u00e3o tinha mais conte\u00fado adolescente e somente m\u00fasicas, ent\u00e3o \u00e1s 12:00 do dia 1\u00ba de Junho entrava no ar a CBS.<\/p>\n<\/div>\n                                <div class=\"et-content-outer-wrap et-meta-wrap\">\n                                                        <\/div>\n            <\/div>\n        <\/div>\n    <\/div>\n        <div class=\"et-timeline-line\"><\/div>\n\n    <div class=\"et-timeline-item\">\n        <div class=\"et-timeline-date\">\n            2012\/02\/01 12:00:53 PM        <\/div>\n        <div class=\"et-all-contain-here\">\n            <div class=\"et-title\">\n                <a href=\"\/portal\/?p=111\">\n                    Faculdade est\u00e1cio de s\u00e1 de SC<\/a><\/div>\n            <div class=\"et-image\">        <a href=\"\/portal\/?p=111\" target=\"_blank\"><img loading=\"lazy\" decoding=\"async\" width=\"225\" height=\"225\" src=\"\/portal\/wp-content\/uploads\/2012\/02\/download-1.png\" class=\"attachment-full size-full wp-post-image\" alt=\"\" \/><\/a>\n\n        <\/div>\n            <div class=\"et-inner-content\">\n                                <div class=\"et-content\"><p>E l\u00e1 estou at\u00e9 hoje &#8211; Sistemas de informa\u00e7\u00e3o EAD<\/p>\n<\/div>\n                                <div class=\"et-content-outer-wrap et-meta-wrap\">\n                                                        <\/div>\n            <\/div>\n        <\/div>\n    <\/div>\n        <div class=\"et-timeline-line\"><\/div>\n\n    <div class=\"et-timeline-item\">\n        <div class=\"et-timeline-date\">\n            2011\/12\/30 1:00:00 AM        <\/div>\n        <div class=\"et-all-contain-here\">\n            <div class=\"et-title\">\n                <a href=\"\/portal\/?p=109\">\n                    Formatura no ensino m\u00e9dio<\/a><\/div>\n            <div class=\"et-image\">        <a href=\"\/portal\/?p=109\" target=\"_blank\"><img loading=\"lazy\" decoding=\"async\" width=\"766\" height=\"960\" src=\"\/portal\/wp-content\/uploads\/2011\/12\/imgform.jpg\" class=\"attachment-full size-full wp-post-image\" alt=\"\" \/><\/a>\n\n        <\/div>\n            <div class=\"et-inner-content\">\n                                <div class=\"et-content\"><p>E aos 18 anos terminei o ensino m\u00e9dio, e \u00e9 nessa \u00e9poca que a gente se d\u00e1 conta que era feliz e n\u00e3o sabia haha<\/p>\n<\/div>\n                                <div class=\"et-content-outer-wrap et-meta-wrap\">\n                                                        <\/div>\n            <\/div>\n        <\/div>\n    <\/div>\n        <div class=\"et-timeline-line\"><\/div>\n\n    <div class=\"et-timeline-item\">\n        <div class=\"et-timeline-date\">\n            2011\/06\/01 12:00:21 AM        <\/div>\n        <div class=\"et-all-contain-here\">\n            <div class=\"et-title\">\n                <a href=\"\/portal\/?p=117\">\n                    Dissolu\u00e7\u00e3o da Rede Exemplo de comunica\u00e7\u00f5es &#8211; sem recursos de dados<\/a><\/div>\n            <div class=\"et-image\">        <a href=\"\/portal\/?p=117\" target=\"_blank\"><img loading=\"lazy\" decoding=\"async\" width=\"772\" height=\"358\" src=\"\/portal\/wp-content\/uploads\/2011\/06\/FOTO.jpg\" class=\"attachment-full size-full wp-post-image\" alt=\"\" \/><\/a>\n\n        <\/div>\n            <div class=\"et-inner-content\">\n                                <div class=\"et-content\"><p>Por causa da internet da operadora Oi, n\u00e3o consegui manter a rede online, por isso nesta data foi feito o fechamento da R\u00e1dio M\u00fasica, R\u00e1dio Exemplo e R\u00e1dio CBS e se manteve a R\u00e1dio Rebelde no ar<\/p>\n<\/div>\n                                <div class=\"et-content-outer-wrap et-meta-wrap\">\n                                                        <\/div>\n            <\/div>\n        <\/div>\n    <\/div>\n        <div class=\"et-timeline-line\"><\/div>\n\n    <div class=\"et-timeline-item\">\n        <div class=\"et-timeline-date\">\n            2011\/02\/01 12:00:28 PM        <\/div>\n        <div class=\"et-all-contain-here\">\n            <div class=\"et-title\">\n                <a href=\"\/portal\/?p=115\">\n                    Rede Escambau de Comunica\u00e7\u00f5es passa a se chamar Rede Exemplo de Comunica\u00e7\u00f5es e R\u00e1dio Escambau passa a se chamar R\u00e1dio Exemplo<\/a><\/div>\n            <div class=\"et-image\">        <a href=\"\/portal\/?p=115\" target=\"_blank\"><img loading=\"lazy\" decoding=\"async\" width=\"772\" height=\"358\" src=\"\/portal\/wp-content\/uploads\/2011\/06\/FOTO.jpg\" class=\"attachment-full size-full wp-post-image\" alt=\"\" \/><\/a>\n\n        <\/div>\n            <div class=\"et-inner-content\">\n                                <div class=\"et-content\"><p>O nome era muito feio haha mudou nesta data<\/p>\n<\/div>\n                                <div class=\"et-content-outer-wrap et-meta-wrap\">\n                                                        <\/div>\n            <\/div>\n        <\/div>\n    <\/div>\n        <div class=\"et-timeline-line\"><\/div>\n\n    <div class=\"et-timeline-item\">\n        <div class=\"et-timeline-date\">\n            2011\/01\/08 3:45:42 AM        <\/div>\n        <div class=\"et-all-contain-here\">\n            <div class=\"et-title\">\n                <a href=\"\/portal\/?p=170\">\n                    Hacking e descobertas de vulnerabilidades em sistemas<\/a><\/div>\n            <div class=\"et-image\">        <a href=\"\/portal\/?p=170\" target=\"_blank\"><img loading=\"lazy\" decoding=\"async\" width=\"1037\" height=\"798\" src=\"\/portal\/wp-content\/uploads\/2011\/01\/imghack.png\" class=\"attachment-full size-full wp-post-image\" alt=\"\" \/><\/a>\n\n        <\/div>\n            <div class=\"et-inner-content\">\n                                <div class=\"et-content\"><p>Nesta \u00e9poca em 2011 comecei a estudar a parte de hacking e invas\u00e3o a servidores, depois que minha m\u00e1quina foi atacada por um v\u00edrus de computador e ai surgiu o meu interesse pela seguran\u00e7a da informa\u00e7\u00e3o, pois queria saber o funcionamento do v\u00edrus que tinha infectado minha m\u00e1quina, a m\u00e1quina ficou bem, e depois disso me aventurei nesse ramo, gostava muito de fazer invas\u00e3o a servidores e tamb\u00e9m de encaminhar vulnerabilidades dos sistemas para o pessoal que desenvolvia o sistema, como por exemplo uma vulnerabilidade no Apache HTTP Server que encaminhei pra Apache Foundation (e n\u00e3o pedi os cr\u00e9ditos pela descoberta da vulnerabilidade, sabe, deixa os cr\u00e9ditos l\u00e1 com eles mesmo) e um no sistema Windows, o CredSSP, mas vi apenas pelo lado cliente e n\u00e3o pelo lado servidor e por isso n\u00e3o pude notificar a Microsoft por isso, mas 8 anos depois o pessoal descobriu o problema e corrigiu. na imagem, um servidor que sofreu um ataque meu via Terminal Services &#8211; \u00c1rea de trabalho remota:<\/p>\n<p><img loading=\"lazy\" decoding=\"async\" class=\"alignnone size-full wp-image-172\" src=\"\/portal\/wp-content\/uploads\/2011\/01\/imghack.png\" alt=\"\" width=\"1037\" height=\"798\" \/><\/p>\n<p>Parei com a seguran\u00e7a da informa\u00e7\u00e3o em 2012 quando o cracking passou a ser crime pela lei Carolina Dieckmann (lei do cybercrime) ent\u00e3o meio que sou um hacker desatualizado (o que n\u00e3o ajuda em nada hoje em dia, pois muita coisa mudou) e mudei o foco para outras coisas em sistemas, infraestrutura de redes, por exemplo.<\/p>\n<\/div>\n                                <div class=\"et-content-outer-wrap et-meta-wrap\">\n                                                        <\/div>\n            <\/div>\n        <\/div>\n    <\/div>\n        <div class=\"et-timeline-line\"><\/div>\n\n    <div class=\"et-timeline-item\">\n        <div class=\"et-timeline-date\">\n            2010\/06\/01 12:00:11 PM        <\/div>\n        <div class=\"et-all-contain-here\">\n            <div class=\"et-title\">\n                <a href=\"\/portal\/?p=113\">\n                    Abertura da Rede de R\u00e1dios online &#8211; Rede Escambau de comunica\u00e7\u00f5es<\/a><\/div>\n            <div class=\"et-image\">        <img decoding=\"async\" src=\"\/portal\/wp-content\/plugins\/everest-timeline-lite\/images\/no-image-available.png\" alt=\"No image available\">\n        <\/div>\n            <div class=\"et-inner-content\">\n                                <div class=\"et-content\"><p>Surge a R\u00e1dio M\u00fasica \u2013 100% de m\u00fasicas 24 horas no ar, R\u00e1dio Escambau, R\u00e1dio CBS e mantinha a R\u00e1dio Rebelde formando uma rede de r\u00e1dios chamado de Rede Escambau de Comunica\u00e7\u00f5es.<\/p>\n<\/div>\n                                <div class=\"et-content-outer-wrap et-meta-wrap\">\n                                                        <\/div>\n            <\/div>\n        <\/div>\n    <\/div>\n        <div class=\"et-timeline-line\"><\/div>\n\n    <div class=\"et-timeline-item\">\n        <div class=\"et-timeline-date\">\n            2010\/02\/01 6:00:10 PM        <\/div>\n        <div class=\"et-all-contain-here\">\n            <div class=\"et-title\">\n                <a href=\"\/portal\/?p=107\">\n                    R\u00e1dio Rebelde &#8211; a revolta dos adolescentes no ar!<\/a><\/div>\n            <div class=\"et-image\">        <a href=\"\/portal\/?p=107\" target=\"_blank\"><img loading=\"lazy\" decoding=\"async\" width=\"1201\" height=\"700\" src=\"\/portal\/wp-content\/uploads\/2012\/06\/imagem3.png\" class=\"attachment-full size-full wp-post-image\" alt=\"\" \/><\/a>\n\n        <\/div>\n            <div class=\"et-inner-content\">\n                                <div class=\"et-content\"><p>Radio Rebelde &#8211; Florian\u00f3polis &#8211; SC &#8211; a Radio Rebelde tem por intuito garantir a liberdade de express\u00e3o do jovem e do adolescente rebelde aqui na radio rebelde! e entrava no ar com algumas m\u00fasicas, informa\u00e7\u00f5es, e salves para a galera tamb\u00e9m hehe<\/p>\n<\/div>\n                                <div class=\"et-content-outer-wrap et-meta-wrap\">\n                                                        <\/div>\n            <\/div>\n        <\/div>\n    <\/div>\n        <div class=\"et-timeline-line\"><\/div>\n\n    <div class=\"et-timeline-item\">\n        <div class=\"et-timeline-date\">\n            2009\/01\/01 6:00:56 PM        <\/div>\n        <div class=\"et-all-contain-here\">\n            <div class=\"et-title\">\n                <a href=\"\/portal\/?p=102\">\n                    Hobby em Eletr\u00f4nica<\/a><\/div>\n            <div class=\"et-image\">        <a href=\"\/portal\/?p=102\" target=\"_blank\"><img loading=\"lazy\" decoding=\"async\" width=\"2048\" height=\"1536\" src=\"\/portal\/wp-content\/uploads\/2017\/09\/Foto0701.jpg\" class=\"attachment-full size-full wp-post-image\" alt=\"\" \/><\/a>\n\n        <\/div>\n            <div class=\"et-inner-content\">\n                                <div class=\"et-content\"><p>Com 16 anos eu estudei por conta pr\u00f3pria eletr\u00f4nica, pois queria a todo custo montar uma emissora de r\u00e1dio FM nem que seja pirata, s\u00f3 que pra fazer isso, eu n\u00e3o poderia chegar l\u00e1 na loja que vende transmissor (e sendo menor de idade) e pedir um transmissor (sem autoriza\u00e7\u00e3o da Anatel) pra comprar, ent\u00e3o resolvi fazer um, pe\u00e7a por pe\u00e7a, e pra isso tive que estudar por conta pr\u00f3pria, a eletr\u00f4nica, s\u00f3 n\u00e3o segui a diante com a ideia da r\u00e1dio pirata por que aqui \u00e9 perto do aeroporto, ent\u00e3o fiz um transmissor de FM de baixa pot\u00eancia (que a minha m\u00e3e jogou fora a placa principal do transmissor) e torcendo para n\u00e3o interferir em nada.<\/p>\n<\/div>\n                                <div class=\"et-content-outer-wrap et-meta-wrap\">\n                                                        <\/div>\n            <\/div>\n        <\/div>\n    <\/div>\n        <div class=\"et-timeline-line\"><\/div>\n\n    <div class=\"et-timeline-item\">\n        <div class=\"et-timeline-date\">\n            2008\/08\/01 10:15:37 AM        <\/div>\n        <div class=\"et-all-contain-here\">\n            <div class=\"et-title\">\n                <a href=\"\/portal\/?p=100\">\n                    REAT &#8211; R\u00e1dio Escola do An\u00edsio Teixeira<\/a><\/div>\n            <div class=\"et-image\">        <img decoding=\"async\" src=\"\/portal\/wp-content\/plugins\/everest-timeline-lite\/images\/no-image-available.png\" alt=\"No image available\">\n        <\/div>\n            <div class=\"et-inner-content\">\n                                <div class=\"et-content\"><p>Com 15 anos, abri uma R\u00e1dio Escola, a REAT &#8211; R\u00e1dio Escola do An\u00edsio Teixeira que era uma r\u00e1dio que tocava em uma caixa de som na escola, eu fazia a locu\u00e7\u00e3o, grade de programa\u00e7\u00e3o, edi\u00e7\u00e3o da programa\u00e7\u00e3o e transmiss\u00e3o da r\u00e1dio escola e tudo isso em 15 minutos que tinha do intervalo do recreio (se vira nos 15!) ou\u00e7a um trecho do prefixo da r\u00e1dio:<\/p>\n<!--[if lt IE 9]><script>document.createElement('audio');<\/script><![endif]-->\n<audio class=\"wp-audio-shortcode\" id=\"audio-100-1\" preload=\"none\" style=\"width: 100%;\" controls=\"controls\"><source type=\"audio\/mpeg\" src=\"\/portal\/wp-content\/uploads\/2008\/08\/Prefixo-REAT.mp3?_=1\" \/><a href=\"\/portal\/wp-content\/uploads\/2008\/08\/Prefixo-REAT.mp3\">\/portal\/wp-content\/uploads\/2008\/08\/Prefixo-REAT.mp3<\/a><\/audio>\n<p>O \u00e1udio tem essa qualidade pois as grava\u00e7\u00f5es eram feitas em fita e esse \u00e9 um remaster em MP3 de uma grava\u00e7\u00e3o do prefixo da r\u00e1dio escola transmitido na \u00e9poca.<\/p>\n<\/div>\n                                <div class=\"et-content-outer-wrap et-meta-wrap\">\n                                                        <\/div>\n            <\/div>\n        <\/div>\n    <\/div>\n        <div class=\"et-timeline-line\"><\/div>\n\n    <div class=\"et-timeline-item\">\n        <div class=\"et-timeline-date\">\n            2000\/06\/01 3:00:59 PM        <\/div>\n        <div class=\"et-all-contain-here\">\n            <div class=\"et-title\">\n                <a href=\"\/portal\/?p=97\">\n                    Hobby em El\u00e9trica<\/a><\/div>\n            <div class=\"et-image\">        <a href=\"\/portal\/?p=97\" target=\"_blank\"><img loading=\"lazy\" decoding=\"async\" width=\"1836\" height=\"3264\" src=\"\/portal\/wp-content\/uploads\/2018\/12\/17-e1545163107711.jpg\" class=\"attachment-full size-full wp-post-image\" alt=\"\" srcset=\"\/portal\/wp-content\/uploads\/2018\/12\/17-e1545163107711.jpg 1836w, \/portal\/wp-content\/uploads\/2018\/12\/17-e1545163107711-169x300.jpg 169w, \/portal\/wp-content\/uploads\/2018\/12\/17-e1545163107711-768x1365.jpg 768w, \/portal\/wp-content\/uploads\/2018\/12\/17-e1545163107711-576x1024.jpg 576w\" sizes=\"(max-width: 1836px) 100vw, 1836px\" \/><\/a>\n\n        <\/div>\n            <div class=\"et-inner-content\">\n                                <div class=\"et-content\"><p>Com 7 anos, estava descendo o morro e encontrei um livro de el\u00e9trica jogado num canto no lixo, o livro me chamou a aten\u00e7\u00e3o pois tinham alguns desenhos interessantes, comecei a estudar aquelas informa\u00e7\u00f5es que tinha no livro e passei a me interessar por aquele assunto sobre el\u00e9trica, com isso eu fui estudando e estudando at\u00e9 que desde ent\u00e3o passei a trocar chuveiro, mexer diretamente com eletricidade mexer com tomadas de casa e etc, enquanto as crian\u00e7as queriam carrinhos para brincar, eu queria um amper\u00edmetro, que por ironia, consegui comprar s\u00f3 recentemente, pois na \u00e9poca era 70 reais e a mesada dada pelo pai n\u00e3o dava pra juntar e comprar o amper\u00edmetro.<\/p>\n<p><img loading=\"lazy\" decoding=\"async\" class=\"alignnone size-full wp-image-161\" src=\"\/portal\/wp-content\/uploads\/2000\/06\/voltimetro.png\" alt=\"\" width=\"620\" height=\"680\" \/><\/p>\n<p>E de quebra consegui comprar o kit com amper\u00edmetro e volt\u00edmetro recentemente<\/p>\n<\/div>\n                                <div class=\"et-content-outer-wrap et-meta-wrap\">\n                                                        <\/div>\n            <\/div>\n        <\/div>\n    <\/div>\n        <div class=\"et-timeline-line\"><\/div>\n\n    <div class=\"et-timeline-item\">\n        <div class=\"et-timeline-date\">\n            1993\/03\/05 10:40:37 PM        <\/div>\n        <div class=\"et-all-contain-here\">\n            <div class=\"et-title\">\n                <a href=\"\/portal\/?p=1\">\n                    Ol\u00e1, mundo!<\/a><\/div>\n            <div class=\"et-image\">        <a href=\"\/portal\/?p=1\" target=\"_blank\"><img loading=\"lazy\" decoding=\"async\" width=\"720\" height=\"1280\" src=\"\/portal\/wp-content\/uploads\/1993\/03\/im.png\" class=\"attachment-full size-full wp-post-image\" alt=\"\" \/><\/a>\n\n        <\/div>\n            <div class=\"et-inner-content\">\n                                <div class=\"et-content\"><p>Em 1993 eu nasci, depois de meses de planejamento e execu\u00e7\u00e3o dos meus pais, afinal planejaram muito para acontecer esse desastre haha (mitira, na verdade, segundo eles, hummmm, foi mais de 6 meses de tentativa, planejamento e execu\u00e7\u00e3o, uma verdadeira obra de engenharia haha) t\u00e1, deixa pra l\u00e1 essa hist\u00f3ria, mas nasci, \u00e1s 22:40 no Carmela Dutra.<\/p>\n<\/div>\n                                <div class=\"et-content-outer-wrap et-meta-wrap\">\n                                                        <\/div>\n            <\/div>\n        <\/div>\n    <\/div>\n            <\/div>\r\n            <\/div>\n<\/div>\n\n<p>Este portal \u00e9 hospedado pela GabardoHost, conhe\u00e7a a infraestrutura aqui: <a href=\"http:\/\/www.gabardohost.ga\/gabardohost\/?page_id=19\">http:\/\/www.gabardohost.ga\/gabardohost\/?page_id=19<\/a><\/p>\n","protected":false},"excerpt":{"rendered":"<p>Ol\u00e1, sou o Vanderson, e vou contar um pouco da minha hist\u00f3ria em uma breve linha do tempo: Este portal \u00e9 hospedado pela GabardoHost, conhe\u00e7a a infraestrutura aqui: http:\/\/www.gabardohost.ga\/gabardohost\/?page_id=19<\/p>\n","protected":false},"author":1,"featured_media":0,"parent":0,"menu_order":0,"comment_status":"closed","ping_status":"closed","template":"","meta":{"footnotes":""},"_links":{"self":[{"href":"\/portal\/index.php?rest_route=\/wp\/v2\/pages\/19"}],"collection":[{"href":"\/portal\/index.php?rest_route=\/wp\/v2\/pages"}],"about":[{"href":"\/portal\/index.php?rest_route=\/wp\/v2\/types\/page"}],"author":[{"embeddable":true,"href":"\/portal\/index.php?rest_route=\/wp\/v2\/users\/1"}],"replies":[{"embeddable":true,"href":"\/portal\/index.php?rest_route=%2Fwp%2Fv2%2Fcomments&post=19"}],"version-history":[{"count":9,"href":"\/portal\/index.php?rest_route=\/wp\/v2\/pages\/19\/revisions"}],"predecessor-version":[{"id":96,"href":"\/portal\/index.php?rest_route=\/wp\/v2\/pages\/19\/revisions\/96"}],"wp:attachment":[{"href":"\/portal\/index.php?rest_route=%2Fwp%2Fv2%2Fmedia&parent=19"}],"curies":[{"name":"wp","href":"https:\/\/api.w.org\/{rel}","templated":true}]}}